{"id":27317,"date":"2023-04-03T08:00:00","date_gmt":"2023-04-03T08:00:00","guid":{"rendered":"https:\/\/www.zgodovinska-mesta.si\/fest-mest\/"},"modified":"2026-02-12T09:59:03","modified_gmt":"2026-02-12T09:59:03","slug":"fest-mest","status":"publish","type":"page","link":"https:\/\/www.zgodovinska-mesta.si\/de\/fest-mest\/","title":{"rendered":"FEST MEST"},"content":{"rendered":"<div id=\"header-banner\" class=\"fullwidth mb64\"><div class=\"banner_img_wrapper\"><div class=\"banner-image-single\"><img loading=\"lazy\" decoding=\"async\" width=\"2560\" height=\"800\" src=\"https:\/\/www.zgodovinska-mesta.si\/wp-content\/uploads\/2026\/01\/26-01-07-FEST-MEST-krovna-1920x600px-naslovna-scaled.jpg\" class=\"banner_img\" alt=\"\" srcset=\"https:\/\/www.zgodovinska-mesta.si\/wp-content\/uploads\/2026\/01\/26-01-07-FEST-MEST-krovna-1920x600px-naslovna-scaled.jpg 2560w, https:\/\/www.zgodovinska-mesta.si\/wp-content\/uploads\/2026\/01\/26-01-07-FEST-MEST-krovna-1920x600px-naslovna-300x94.jpg 300w, https:\/\/www.zgodovinska-mesta.si\/wp-content\/uploads\/2026\/01\/26-01-07-FEST-MEST-krovna-1920x600px-naslovna-1024x320.jpg 1024w, https:\/\/www.zgodovinska-mesta.si\/wp-content\/uploads\/2026\/01\/26-01-07-FEST-MEST-krovna-1920x600px-naslovna-1536x480.jpg 1536w, https:\/\/www.zgodovinska-mesta.si\/wp-content\/uploads\/2026\/01\/26-01-07-FEST-MEST-krovna-1920x600px-naslovna-2048x640.jpg 2048w\" sizes=\"auto, (max-width: 2560px) 100vw, 2560px\" \/><\/div><\/div><div class=\"banner-overlay\"><\/div><div class=\"content\"><div class=\"text-align-center max730\"><h1 class=\"title mb8 padding-top-40\">FEST MEST<\/h1><p class=\"subtitle mb24 uppercase font18\">DAS L\u00c4NGSTE FESTIVAL SLOWENIENS<\/p><hr class=\"hr-short\"><p class=\"mt16 mb24\">FEST MEST ist eine Einladung, historische St\u00e4dte neu zu erleben. Das Festival zelebriert ihr kulturelles Erbe und ihre lebendige Gegenwart und vereint ausgew\u00e4hlte Veranstaltungen in einem gemeinsamen Kalender \u2013 von September bis April in den historischen Stadtzentren Sloweniens.<\/p><\/div><\/div><\/div><\/div>\n\n\n<p class=\"has-text-align-center\">Zwischen September 2025 und April 2026 vereint FEST MEST ausgew\u00e4hlte <strong>Veranstaltungen, Auff\u00fchrungen, Ausstellungen, Konzerte und Performances<\/strong> \u2013 <br>pr\u00e4sentiert an besonderen Orten und im einzigartigen Ambiente historischer Stadtzentren.<\/br><\/br><\/p>\n\n\n\n<p class=\"has-text-align-center\">W\u00e4hlen Sie Ihre historische Stadt und erleben Sie zeitgen\u00f6ssische slowenische Kreativit\u00e4t in einem einzigartigen Rahmen. einem einzigartigen Rahmen.<\/br><\/br><\/p>\n\n\n\n<p><\/p>\n\n\n<div id=\"\" class=\"ow_container_section \">\n    <div class=\"container\">\n        <div class=\"content\">\n            \n\n\n        <\/div>\n    <\/div>\n<\/div>\n\n<div id=\"\" class=\"ow_container_section \">\n    <div class=\"container\">\n        <div class=\"content\">\n            \n<div class=\" mb56\"><h2 class=\"title h1 mb8 text-align-center\">FEST MEST Herbst\/Winter 2025\/26<\/h2><p class=\"subtitle mb24 uppercase font18  text-align-center\"><\/p><hr class=\"hr-short\"><\/div>\n\n\n<p class=\"has-text-align-center mb40\">Von <strong>September 2025 bis April 2026 bringt FEST MEST international anerkannte K\u00fcnstlerinnen und K\u00fcnstler an die eindrucksvollsten Kulturorte Sloweniens<\/strong>. W\u00e4hlen Sie aus dem Programm Ihr Konzert, Ihre Ausstellung oder Performance und verbinden Sie den Besuch mit einer Entdeckungsreise durch die historische Stadt.<\/p>\n\n\n\n<p><\/p>\n\n\n\n<h2 class=\"wp-block-heading has-black-color has-text-color has-link-color mb24 wp-elements-46cc8b2c35303640314628751597f894\">FEST MEST <mark style=\"background-color:rgba(0, 0, 0, 0);color:#b75653\" class=\"has-inline-color\">KONZERTE<\/mark><\/h2>\n\n\n\n<p class=\"has-text-align-center mb40\">Konzerte in Schl\u00f6ssern, Kirchen und Kl\u00f6stern klingen anders. Sie \u00f6ffnen R\u00e4ume f\u00fcr besondere Klangwelten und entf\u00fchren das Publikum in eine zeitlose Atmosph\u00e4re. W\u00e4hrend im Sommer oft Schlossh\u00f6fe und G\u00e4rten erklingen, laden Herbst und Winter zu intimen musikalischen Erlebnissen in historischen Innenr\u00e4umen ein. Begeben Sie sich auf eine Konzertreise durch Sloweniens historische St\u00e4dte \u2013 von Klassik bis Jazz.<\/p>\n\n\n\n<p><\/p>\n\n\n\n<h2 class=\"wp-block-heading mb24\">FEST MEST <mark style=\"background-color:rgba(0, 0, 0, 0);color:#b75653\" class=\"has-inline-color\">AUFF\u00dcHRUNGEN<\/mark><\/h2>\n\n\n\n<p class=\"undefined mb40\">Historische St\u00e4dte werden bei FEST MEST zu B\u00fchnen f\u00fcr Tradition und Moderne. Theater, Tanz und Film treten in einen spannenden Dialog mit urbanen R\u00e4umen und historischen Kulissen. Slowenische Theaterproduktionen z\u00e4hlen zu den renommiertesten in Europa und dar\u00fcber hinaus. Verbinden Sie Ihren Besuch einer historischen Stadt mit einem eindrucksvollen B\u00fchnenabend.<\/p>\n\n\n\n<p><\/p>\n\n\n\n<h2 class=\"wp-block-heading mb24\">FEST MEST <mark style=\"background-color:rgba(0, 0, 0, 0);color:#b75653\" class=\"has-inline-color\">AUSTELLUNGEN<\/mark><\/h2>\n\n\n\n<p class=\"undefined mb56\">Entdecken Sie Herbst- und Winterausstellungen, die aktuelle gesellschaftliche Fragen aufgreifen, neue Perspektiven er\u00f6ffnen und \u00fcber alternative Zuk\u00fcnfte nachdenken. Eine sorgf\u00e4ltig kuratierte Auswahl zeitgen\u00f6ssischer Ausstellungen und Biennalen r\u00fcckt Slowenien und seine historischen St\u00e4dte ins Zentrum der europ\u00e4ischen Kunstszene.<\/p>\n\n\n\n<p><\/p>\n\n\n\n<h2 class=\"wp-block-heading has-text-align-center has-black-color has-text-color has-link-color mt8 wp-elements-3d954e168e8e1b6d5280e61be2422a7d\">16 GR\u00dcNDE, HISTORISCHE ST\u00c4DTE NEU ZU ERLEBEN<\/h2>\n\n\n\n<p class=\"has-text-align-center\">Als das l\u00e4ngste Festival Sloweniens bereichert FEST MEST Ihren Kalender um unvergessliche Tage \u2013 f\u00fcr inspirierende Ausfl\u00fcge allein, zu zweit oder mit Ihren Liebsten. Erleben Sie Pl\u00e4tze, Stra\u00dfen und jahrhundertealte Geschichten auf neue, kreative Weise.<\/p>\n\n\n        <\/div>\n    <\/div>\n<\/div>\n\n\n<p><\/p>\n\n\n<div id=\"\" class=\"ow_container_section \">\n    <div class=\"container\">\n        <div class=\"content\">\n            \n<div class=\" mb56 mt56\"><h2 class=\"title h1 mb8 text-align-center\">Entdecken Sie das Programm und w\u00e4hlen Sie Ihre FEST MEST-Highlights.<\/h2><p class=\"subtitle mb24 uppercase font18  text-align-center\"><\/p><hr class=\"hr-short\"><\/div>\n\n        <\/div>\n    <\/div>\n<\/div>\n\n\n\n<div id=\"\" class=\"ow_container_section \">\n    <div class=\"container\">\n        <div class=\"content\">\n            \n\n<p class=\"has-text-align-center has-cyan-bluish-gray-background-color has-background\">F\u00fcr weitere Informationen zu den Veranstaltungen von FEST MEST 2025\/26 wenden Sie sich bitte an die jeweiligen Veranstalter. Wir w\u00fcnschen Ihnen inspirierende kulturelle Erlebnisse in den historischen St\u00e4dten Sloweniens.<\/p>\n\n\n\n<div style=\"height:100px\" aria-hidden=\"true\" class=\"wp-block-spacer\"><\/div>\n\n\n\n<p class=\"has-white-color has-text-color has-background has-link-color mb0 wp-elements-493bf37cfc247d7606b6343b4fadba57\" style=\"background-color:#b75653\"><strong><strong>KONZERTE an den sch\u00f6nsten Orten<\/strong><\/strong>:<\/p>\n\n\n\n<figure class=\"wp-block-table is-style-stripes mb64\"><table class=\"has-fixed-layout\"><tbody><tr><td>25. 11. 2025<\/td><td>Streichorchester Emars<\/td><td>Slovenske Konjice<\/td><\/tr><tr><td>17. 12. 2025<br><\/td><td>Alexander Gadjiev<\/td><td>Koper<\/td><\/tr><tr><td>21. 12. 2025<\/td><td>Bachs Weihnachtsoratorium<\/td><td>Radovljica<\/td><\/tr><tr><td>16. 1. 2026<\/td><td>Sinfonieorchester und Big Band RTV Slowenien mit Kristina Ober\u017ean und den S\u00e4ngern<\/td><td>\u010crnomelj<\/td><\/tr><tr><td>19. 3. 2026<\/td><td>Borut Bu\u010dar &amp; Swingatan<\/td><td>Ravne na Koro\u0161kem<\/td><\/tr><tr><td>21. 3. 2026<\/td><td>Im K\u00f6nigreich Partenope \u2013 Europ\u00e4ischer Tag der Alten Musik<\/td><td>Celje<\/td><\/tr><\/tbody><\/table><\/figure>\n\n\n\n<p class=\"has-white-color has-text-color has-background has-link-color wp-elements-2485af8bb43d08699ac4a6e4c108a838\" style=\"background-color:#b75653\"><strong><strong>AUSSTELLUNGEN in einzigartigen R\u00e4umen des Kulturerbes<\/strong><\/strong>:<\/p>\n\n\n\n<figure class=\"wp-block-table is-style-stripes mb64\"><table class=\"has-fixed-layout\"><tbody><tr><td>do 29. 3. 2026<\/td><td>Oto Rimele: Auf der Suche nach Licht<\/td><td>Kr\u0161ko<\/td><\/tr><tr><td>do 15. 2. 2026<\/td><td>Entwicklungsrichtungen: Werke aus der Sammlung der Gorjup-Galerie<\/td><td>Kostanjevica na Krki<\/td><\/tr><tr><td>do 9. 11. 2025<\/td><td>Si vis pacem &#8230;<\/td><td>Ptuj<\/td><\/tr><tr><td>3. 12. 2025-8. 2. 2026<\/td><td>Valentin Oman \u2013 In memoriam: Der Kreuzweg Ukraine\/Naher Osten<\/td><td>Slovenj Gradec<\/td><\/tr><tr><td>3. 12. 2025-9. 2. 2026<\/td><td>Dragica \u010cade\u017e \u2013 Retrospektive anl\u00e4sslich des Pre\u0161eren-Preises<\/td><td>Kranj<\/td><\/tr><\/tbody><\/table><\/figure>\n\n\n\n<p class=\"has-white-color has-text-color has-background has-link-color wp-elements-e4c85e1943d9888af613dd097b5af2d9\" style=\"background-color:#b75653\"><strong>AUFF\u00dcHRUNGEN<\/strong> auf zeitlosen B\u00fchnen:<\/p>\n\n\n\n<figure class=\"wp-block-table is-style-stripes mb64\"><table class=\"has-fixed-layout\"><tbody><tr><td>9. 10. 2025<\/td><td>Das Leben und die Zeiten von Bertolt Brecht<\/td><td>Novo mesto<\/td><\/tr><tr><td>23. 10. 2025<\/td><td>Auf der Suche nach einer verlorenen Sprache<\/td><td>Kr\u0161ko<\/td><\/tr><tr><td>12.-16. 11. 2025<\/td><td>Kette \u2013 in Opernmusical<\/td><td>Novo mesto<\/td><\/tr><tr><td>21. 3.-12. 4. 2026<\/td><td>Das Passionsspiel von \u0160kofja Loka<\/td><td>\u0160kofja Loka<\/td><\/tr><tr><td>31. 3. 2026<\/td><td>Und viele andere&#8230;<\/td><td>Kranj<\/td><\/tr><\/tbody><\/table><\/figure>\n\n\n        <\/div>\n    <\/div>\n<\/div>\n\n<div id=\"\" class=\"ow_container_section \">\n    <div class=\"container\">\n        <div class=\"content\">\n            \n\n\n\n\n\n\n        <\/div>\n    <\/div>\n<\/div>\n\n\n<p class=\"has-white-background-color has-background\"><\/p>\n\n\n\n<p class=\"has-white-color has-white-background-color has-text-color has-background has-link-color wp-elements-f3af10659a18cfd88d4a54e34f264cca\"><\/p>\n","protected":false},"excerpt":{"rendered":"<p>Zwischen September 2025 und April 2026 vereint FEST MEST ausgew\u00e4hlte Veranstaltungen, Auff\u00fchrungen, Ausstellungen, Konzerte und Performances \u2013 pr\u00e4sentiert an besonderen Orten und im einzigartigen Ambiente historischer Stadtzentren. W\u00e4hlen Sie Ihre historische Stadt und erleben Sie zeitgen\u00f6ssische slowenische Kreativit\u00e4t in einem einzigartigen Rahmen. einem einzigartigen Rahmen.<\/p>\n","protected":false},"author":1,"featured_media":8782,"parent":0,"menu_order":0,"comment_status":"closed","ping_status":"closed","template":"","meta":{"_acf_changed":false,"footnotes":""},"class_list":["post-27317","page","type-page","status-publish","has-post-thumbnail","hentry"],"acf":[],"yoast_head":"<!-- This site is optimized with the Yoast SEO plugin v27.0 - https:\/\/yoast.com\/product\/yoast-seo-wordpress\/ -->\n<title>FEST MEST | Do\u017eivite najdalj\u0161i festival kulture pri nas<\/title>\n<meta name=\"description\" content=\"FEST MEST, najdalj\u0161i festival kulture v Sloveniji! Izberite svoj naj umetni\u0161ki dogodek v zgodovinskem mestu in si privo\u0161\u010dite polno \u017elico kulture.\" \/>\n<meta name=\"robots\" content=\"index, follow, max-snippet:-1, max-image-preview:large, max-video-preview:-1\" \/>\n<link rel=\"canonical\" href=\"https:\/\/www.zgodovinska-mesta.si\/de\/fest-mest\/\" \/>\n<meta property=\"og:locale\" content=\"de_DE\" \/>\n<meta property=\"og:type\" content=\"article\" \/>\n<meta property=\"og:title\" content=\"FEST MEST | Do\u017eivite najdalj\u0161i festival kulture pri nas\" \/>\n<meta property=\"og:description\" content=\"FEST MEST, najdalj\u0161i festival kulture v Sloveniji! Izberite svoj naj umetni\u0161ki dogodek v zgodovinskem mestu in si privo\u0161\u010dite polno \u017elico kulture.\" \/>\n<meta property=\"og:url\" content=\"https:\/\/www.zgodovinska-mesta.si\/de\/fest-mest\/\" \/>\n<meta property=\"og:site_name\" content=\"Zdru\u017eenje zgodovinskih mest Slovenije\" \/>\n<meta property=\"article:modified_time\" content=\"2026-02-12T09:59:03+00:00\" \/>\n<meta property=\"og:image\" content=\"https:\/\/www.zgodovinska-mesta.si\/wp-content\/uploads\/2023\/01\/2023-01-FEST-mest-krovna-kreativa-1920x600px-fotografija-scaled.jpg\" \/>\n\t<meta property=\"og:image:width\" content=\"2560\" \/>\n\t<meta property=\"og:image:height\" content=\"800\" \/>\n\t<meta property=\"og:image:type\" content=\"image\/jpeg\" \/>\n<meta name=\"twitter:card\" content=\"summary_large_image\" \/>\n<meta name=\"twitter:label1\" content=\"Gesch\u00e4tzte Lesezeit\" \/>\n\t<meta name=\"twitter:data1\" content=\"4\u00a0Minuten\" \/>\n<script type=\"application\/ld+json\" class=\"yoast-schema-graph\">{\"@context\":\"https:\/\/schema.org\",\"@graph\":[{\"@type\":\"WebPage\",\"@id\":\"https:\/\/www.zgodovinska-mesta.si\/de\/fest-mest\/\",\"url\":\"https:\/\/www.zgodovinska-mesta.si\/de\/fest-mest\/\",\"name\":\"FEST MEST | Do\u017eivite najdalj\u0161i festival kulture pri nas\",\"isPartOf\":{\"@id\":\"https:\/\/www.zgodovinska-mesta.si\/de\/#website\"},\"primaryImageOfPage\":{\"@id\":\"https:\/\/www.zgodovinska-mesta.si\/de\/fest-mest\/#primaryimage\"},\"image\":{\"@id\":\"https:\/\/www.zgodovinska-mesta.si\/de\/fest-mest\/#primaryimage\"},\"thumbnailUrl\":\"https:\/\/www.zgodovinska-mesta.si\/wp-content\/uploads\/2023\/01\/2023-01-FEST-mest-krovna-kreativa-1920x600px-fotografija-scaled.jpg\",\"datePublished\":\"2023-04-03T08:00:00+00:00\",\"dateModified\":\"2026-02-12T09:59:03+00:00\",\"description\":\"FEST MEST, najdalj\u0161i festival kulture v Sloveniji! Izberite svoj naj umetni\u0161ki dogodek v zgodovinskem mestu in si privo\u0161\u010dite polno \u017elico kulture.\",\"breadcrumb\":{\"@id\":\"https:\/\/www.zgodovinska-mesta.si\/de\/fest-mest\/#breadcrumb\"},\"inLanguage\":\"de\",\"potentialAction\":[{\"@type\":\"ReadAction\",\"target\":[\"https:\/\/www.zgodovinska-mesta.si\/de\/fest-mest\/\"]}]},{\"@type\":\"ImageObject\",\"inLanguage\":\"de\",\"@id\":\"https:\/\/www.zgodovinska-mesta.si\/de\/fest-mest\/#primaryimage\",\"url\":\"https:\/\/www.zgodovinska-mesta.si\/wp-content\/uploads\/2023\/01\/2023-01-FEST-mest-krovna-kreativa-1920x600px-fotografija-scaled.jpg\",\"contentUrl\":\"https:\/\/www.zgodovinska-mesta.si\/wp-content\/uploads\/2023\/01\/2023-01-FEST-mest-krovna-kreativa-1920x600px-fotografija-scaled.jpg\",\"width\":2560,\"height\":800},{\"@type\":\"BreadcrumbList\",\"@id\":\"https:\/\/www.zgodovinska-mesta.si\/de\/fest-mest\/#breadcrumb\",\"itemListElement\":[{\"@type\":\"ListItem\",\"position\":1,\"name\":\"Heim\",\"item\":\"https:\/\/www.zgodovinska-mesta.si\/de\/\"},{\"@type\":\"ListItem\",\"position\":2,\"name\":\"FEST MEST\"}]},{\"@type\":\"WebSite\",\"@id\":\"https:\/\/www.zgodovinska-mesta.si\/de\/#website\",\"url\":\"https:\/\/www.zgodovinska-mesta.si\/de\/\",\"name\":\"Zdru\u017eenje zgodovinskih mest Slovenije\",\"description\":\"\",\"publisher\":{\"@id\":\"https:\/\/www.zgodovinska-mesta.si\/de\/#organization\"},\"potentialAction\":[{\"@type\":\"SearchAction\",\"target\":{\"@type\":\"EntryPoint\",\"urlTemplate\":\"https:\/\/www.zgodovinska-mesta.si\/de\/?s={search_term_string}\"},\"query-input\":{\"@type\":\"PropertyValueSpecification\",\"valueRequired\":true,\"valueName\":\"search_term_string\"}}],\"inLanguage\":\"de\"},{\"@type\":\"Organization\",\"@id\":\"https:\/\/www.zgodovinska-mesta.si\/de\/#organization\",\"name\":\"Zdru\u017eenje zgodovinskih mest Slovenije\",\"url\":\"https:\/\/www.zgodovinska-mesta.si\/de\/\",\"logo\":{\"@type\":\"ImageObject\",\"inLanguage\":\"de\",\"@id\":\"https:\/\/www.zgodovinska-mesta.si\/de\/#\/schema\/logo\/image\/\",\"url\":\"https:\/\/www.zgodovinska-mesta.si\/wp-content\/uploads\/2024\/10\/logo_de.png\",\"contentUrl\":\"https:\/\/www.zgodovinska-mesta.si\/wp-content\/uploads\/2024\/10\/logo_de.png\",\"width\":200,\"height\":200,\"caption\":\"Zdru\u017eenje zgodovinskih mest Slovenije\"},\"image\":{\"@id\":\"https:\/\/www.zgodovinska-mesta.si\/de\/#\/schema\/logo\/image\/\"}}]}<\/script>\n<!-- \/ Yoast SEO plugin. -->","yoast_head_json":{"title":"FEST MEST | Do\u017eivite najdalj\u0161i festival kulture pri nas","description":"FEST MEST, najdalj\u0161i festival kulture v Sloveniji! Izberite svoj naj umetni\u0161ki dogodek v zgodovinskem mestu in si privo\u0161\u010dite polno \u017elico kulture.","robots":{"index":"index","follow":"follow","max-snippet":"max-snippet:-1","max-image-preview":"max-image-preview:large","max-video-preview":"max-video-preview:-1"},"canonical":"https:\/\/www.zgodovinska-mesta.si\/de\/fest-mest\/","og_locale":"de_DE","og_type":"article","og_title":"FEST MEST | Do\u017eivite najdalj\u0161i festival kulture pri nas","og_description":"FEST MEST, najdalj\u0161i festival kulture v Sloveniji! Izberite svoj naj umetni\u0161ki dogodek v zgodovinskem mestu in si privo\u0161\u010dite polno \u017elico kulture.","og_url":"https:\/\/www.zgodovinska-mesta.si\/de\/fest-mest\/","og_site_name":"Zdru\u017eenje zgodovinskih mest Slovenije","article_modified_time":"2026-02-12T09:59:03+00:00","og_image":[{"width":2560,"height":800,"url":"https:\/\/www.zgodovinska-mesta.si\/wp-content\/uploads\/2023\/01\/2023-01-FEST-mest-krovna-kreativa-1920x600px-fotografija-scaled.jpg","type":"image\/jpeg"}],"twitter_card":"summary_large_image","twitter_misc":{"Gesch\u00e4tzte Lesezeit":"4\u00a0Minuten"},"schema":{"@context":"https:\/\/schema.org","@graph":[{"@type":"WebPage","@id":"https:\/\/www.zgodovinska-mesta.si\/de\/fest-mest\/","url":"https:\/\/www.zgodovinska-mesta.si\/de\/fest-mest\/","name":"FEST MEST | Do\u017eivite najdalj\u0161i festival kulture pri nas","isPartOf":{"@id":"https:\/\/www.zgodovinska-mesta.si\/de\/#website"},"primaryImageOfPage":{"@id":"https:\/\/www.zgodovinska-mesta.si\/de\/fest-mest\/#primaryimage"},"image":{"@id":"https:\/\/www.zgodovinska-mesta.si\/de\/fest-mest\/#primaryimage"},"thumbnailUrl":"https:\/\/www.zgodovinska-mesta.si\/wp-content\/uploads\/2023\/01\/2023-01-FEST-mest-krovna-kreativa-1920x600px-fotografija-scaled.jpg","datePublished":"2023-04-03T08:00:00+00:00","dateModified":"2026-02-12T09:59:03+00:00","description":"FEST MEST, najdalj\u0161i festival kulture v Sloveniji! Izberite svoj naj umetni\u0161ki dogodek v zgodovinskem mestu in si privo\u0161\u010dite polno \u017elico kulture.","breadcrumb":{"@id":"https:\/\/www.zgodovinska-mesta.si\/de\/fest-mest\/#breadcrumb"},"inLanguage":"de","potentialAction":[{"@type":"ReadAction","target":["https:\/\/www.zgodovinska-mesta.si\/de\/fest-mest\/"]}]},{"@type":"ImageObject","inLanguage":"de","@id":"https:\/\/www.zgodovinska-mesta.si\/de\/fest-mest\/#primaryimage","url":"https:\/\/www.zgodovinska-mesta.si\/wp-content\/uploads\/2023\/01\/2023-01-FEST-mest-krovna-kreativa-1920x600px-fotografija-scaled.jpg","contentUrl":"https:\/\/www.zgodovinska-mesta.si\/wp-content\/uploads\/2023\/01\/2023-01-FEST-mest-krovna-kreativa-1920x600px-fotografija-scaled.jpg","width":2560,"height":800},{"@type":"BreadcrumbList","@id":"https:\/\/www.zgodovinska-mesta.si\/de\/fest-mest\/#breadcrumb","itemListElement":[{"@type":"ListItem","position":1,"name":"Heim","item":"https:\/\/www.zgodovinska-mesta.si\/de\/"},{"@type":"ListItem","position":2,"name":"FEST MEST"}]},{"@type":"WebSite","@id":"https:\/\/www.zgodovinska-mesta.si\/de\/#website","url":"https:\/\/www.zgodovinska-mesta.si\/de\/","name":"Zdru\u017eenje zgodovinskih mest Slovenije","description":"","publisher":{"@id":"https:\/\/www.zgodovinska-mesta.si\/de\/#organization"},"potentialAction":[{"@type":"SearchAction","target":{"@type":"EntryPoint","urlTemplate":"https:\/\/www.zgodovinska-mesta.si\/de\/?s={search_term_string}"},"query-input":{"@type":"PropertyValueSpecification","valueRequired":true,"valueName":"search_term_string"}}],"inLanguage":"de"},{"@type":"Organization","@id":"https:\/\/www.zgodovinska-mesta.si\/de\/#organization","name":"Zdru\u017eenje zgodovinskih mest Slovenije","url":"https:\/\/www.zgodovinska-mesta.si\/de\/","logo":{"@type":"ImageObject","inLanguage":"de","@id":"https:\/\/www.zgodovinska-mesta.si\/de\/#\/schema\/logo\/image\/","url":"https:\/\/www.zgodovinska-mesta.si\/wp-content\/uploads\/2024\/10\/logo_de.png","contentUrl":"https:\/\/www.zgodovinska-mesta.si\/wp-content\/uploads\/2024\/10\/logo_de.png","width":200,"height":200,"caption":"Zdru\u017eenje zgodovinskih mest Slovenije"},"image":{"@id":"https:\/\/www.zgodovinska-mesta.si\/de\/#\/schema\/logo\/image\/"}}]}},"_links":{"self":[{"href":"https:\/\/www.zgodovinska-mesta.si\/de\/wp-json\/wp\/v2\/pages\/27317","targetHints":{"allow":["GET"]}}],"collection":[{"href":"https:\/\/www.zgodovinska-mesta.si\/de\/wp-json\/wp\/v2\/pages"}],"about":[{"href":"https:\/\/www.zgodovinska-mesta.si\/de\/wp-json\/wp\/v2\/types\/page"}],"author":[{"embeddable":true,"href":"https:\/\/www.zgodovinska-mesta.si\/de\/wp-json\/wp\/v2\/users\/1"}],"replies":[{"embeddable":true,"href":"https:\/\/www.zgodovinska-mesta.si\/de\/wp-json\/wp\/v2\/comments?post=27317"}],"version-history":[{"count":18,"href":"https:\/\/www.zgodovinska-mesta.si\/de\/wp-json\/wp\/v2\/pages\/27317\/revisions"}],"predecessor-version":[{"id":27419,"href":"https:\/\/www.zgodovinska-mesta.si\/de\/wp-json\/wp\/v2\/pages\/27317\/revisions\/27419"}],"wp:featuredmedia":[{"embeddable":true,"href":"https:\/\/www.zgodovinska-mesta.si\/de\/wp-json\/wp\/v2\/media\/8782"}],"wp:attachment":[{"href":"https:\/\/www.zgodovinska-mesta.si\/de\/wp-json\/wp\/v2\/media?parent=27317"}],"curies":[{"name":"wp","href":"https:\/\/api.w.org\/{rel}","templated":true}]}}