{"id":7403,"date":"2022-05-07T13:44:02","date_gmt":"2022-05-07T13:44:02","guid":{"rendered":"https:\/\/www.zgodovinska-mesta.si\/?page_id=7403"},"modified":"2023-12-04T00:35:59","modified_gmt":"2023-12-04T00:35:59","slug":"ueber-den-verband","status":"publish","type":"page","link":"https:\/\/www.zgodovinska-mesta.si\/de\/ueber-den-verband\/","title":{"rendered":"\u00dcber den Verband"},"content":{"rendered":"<div id=\"header-banner\" class=\"fullwidth mb64\"><div class=\"banner_img_wrapper\"><div class=\"banner-image-single\"><img loading=\"lazy\" decoding=\"async\" width=\"1400\" height=\"933\" src=\"https:\/\/www.zgodovinska-mesta.si\/wp-content\/uploads\/2022\/05\/o-nas.jpg\" class=\"banner_img\" alt=\"\" srcset=\"https:\/\/www.zgodovinska-mesta.si\/wp-content\/uploads\/2022\/05\/o-nas.jpg 1400w, https:\/\/www.zgodovinska-mesta.si\/wp-content\/uploads\/2022\/05\/o-nas-300x200.jpg 300w, https:\/\/www.zgodovinska-mesta.si\/wp-content\/uploads\/2022\/05\/o-nas-1024x682.jpg 1024w\" sizes=\"auto, (max-width: 1400px) 100vw, 1400px\" \/><\/div><\/div><div class=\"banner-overlay\"><\/div><\/div>\n\n<div id=\"\" class=\"ow_container_section \">\n    <div class=\"container\">\n        <div class=\"content\">\n            \n\n<div class=\"wp-block-columns is-layout-flex wp-container-core-columns-is-layout-9d6595d7 wp-block-columns-is-layout-flex\">\n<div class=\"wp-block-column is-layout-flow wp-block-column-is-layout-flow\"><div class=\"wp-block-image\">\n<figure class=\"aligncenter size-full\"><img loading=\"lazy\" decoding=\"async\" width=\"147\" height=\"200\" src=\"https:\/\/www.zgodovinska-mesta.si\/wp-content\/uploads\/2022\/05\/logo.png\" alt=\"\" class=\"wp-image-1283\"\/><\/figure>\n<\/div><\/div>\n\n\n\n<div class=\"wp-block-column is-layout-flow wp-block-column-is-layout-flow\">\n<pre id=\"tw-target-text\" class=\"wp-block-preformatted\">Der Verband der historischen St\u00e4dte Sloweniens wurde somit nur wenige Monate nach der Gr\u00fcndung des Europ\u00e4ischen Verbands historischer St\u00e4dte und Regionen gegr\u00fcndet. Dies spricht f\u00fcr einen gro\u00dfen Willen und Weitblick sowie das gleichzeitige Bewusstsein von B\u00fcrgermeistern und Stadtverwaltungen, dass nur verbundenes und gemeinsames Handeln und der Austausch von guten und weniger guten Erfahrungen von Kommunen und historischen St\u00e4dten mit \u00e4hnlichen Problemen, Herausforderungen und Ideen zu mehr f\u00fchrt erfolgreiche Arbeit, bessere L\u00f6sungen und damit die Entwicklung unserer historischen St\u00e4dte.<\/pre>\n\n\n\n<pre id=\"tw-target-rmn\" class=\"wp-block-preformatted\"><\/pre>\n\n\n\n<figure class=\"wp-block-image size-full\"><img loading=\"lazy\" decoding=\"async\" width=\"20\" height=\"20\" src=\"https:\/\/www.zgodovinska-mesta.si\/wp-content\/uploads\/2022\/09\/image-2.png\" alt=\"\" class=\"wp-image-7433\"\/><\/figure>\n<\/div>\n<\/div>\n\n\n        <\/div>\n    <\/div>\n<\/div>\n\n<div id=\"\" class=\"ow_container_section \">\n    <div class=\"container\">\n        <div class=\"content\">\n            \n\n<div class=\"wp-block-columns is-layout-flex wp-container-core-columns-is-layout-9d6595d7 wp-block-columns-is-layout-flex\">\n<div class=\"wp-block-column is-layout-flow wp-block-column-is-layout-flow\">\n<pre id=\"tw-target-text\" class=\"wp-block-preformatted\">Im Laufe der Jahre haben sich Bre\u017eice, Celje, \u010crnomelj, Jesenice, Kamnik, Kranj, Kostanjevica na Krka, Metlika, Novo mesto, Radovljica, Ravne na Koro\u0161kem, Slovenj Gradec, Slovenske Konjice, \u0160entjur und \u017du\u017eemberk dem Verband historischer St\u00e4dte angeschlossen Slowenien die Tatsache, dass die Aktivit\u00e4ten des Verbandes geh\u00f6rt, durchschlagend und vor allem erfolgreich waren. Wir freuen uns \u00fcber jedes neue Mitglied und sind stolz darauf, denn je mehr wir sind, desto mehr wird unsere Stimme geh\u00f6rt und unsere Aktivit\u00e4ten k\u00f6nnen sowohl zum Wohle unserer Mitgliedsst\u00e4dte als auch unserer Einwohner erfolgreicher sein.<\/pre>\n\n\n\n<pre id=\"tw-target-text\" class=\"wp-block-preformatted has-red-link\"><a href=\"https:\/\/www.zgodovinska-mesta.si\/de\/mesta\/\">DIE ST\u00c4DTE SEHEN<\/a><\/pre>\n<\/div>\n\n\n\n<div class=\"wp-block-column is-layout-flow wp-block-column-is-layout-flow\"><div class=\"wp-block-image\">\n<figure class=\"aligncenter size-full\"><img loading=\"lazy\" decoding=\"async\" width=\"845\" height=\"684\" src=\"https:\/\/www.zgodovinska-mesta.si\/wp-content\/uploads\/2022\/05\/o-zdruzenju.png\" alt=\"\" class=\"wp-image-1315\" srcset=\"https:\/\/www.zgodovinska-mesta.si\/wp-content\/uploads\/2022\/05\/o-zdruzenju.png 845w, https:\/\/www.zgodovinska-mesta.si\/wp-content\/uploads\/2022\/05\/o-zdruzenju-300x243.png 300w\" sizes=\"auto, (max-width: 845px) 100vw, 845px\" \/><\/figure>\n<\/div><\/div>\n<\/div>\n\n\n        <\/div>\n    <\/div>\n<\/div>\n\n<div id=\"\" class=\"ow_container_section \">\n    <div class=\"container\">\n        <div class=\"content\">\n            \n\n<div class=\"wp-block-columns is-layout-flex wp-container-core-columns-is-layout-9d6595d7 wp-block-columns-is-layout-flex\">\n<div class=\"wp-block-column is-layout-flow wp-block-column-is-layout-flow\"><\/div>\n\n\n\n<div class=\"wp-block-column is-layout-flow wp-block-column-is-layout-flow\">\n<p><\/p>\n\n\n\n<p><\/p>\n<\/div>\n<\/div>\n\n\n        <\/div>\n    <\/div>\n<\/div>\n\n<div id=\"\" class=\"ow_container_section \">\n    <div class=\"container\">\n        <div class=\"content\">\n            \n\n<p><\/p>\n\n\n        <\/div>\n    <\/div>\n<\/div>\n\n\n<p><\/p>\n","protected":false},"excerpt":{"rendered":"","protected":false},"author":10,"featured_media":0,"parent":0,"menu_order":0,"comment_status":"closed","ping_status":"closed","template":"","meta":{"_acf_changed":false,"footnotes":""},"class_list":["post-7403","page","type-page","status-publish","hentry"],"acf":[],"yoast_head":"<!-- This site is optimized with the Yoast SEO plugin v27.0 - https:\/\/yoast.com\/product\/yoast-seo-wordpress\/ -->\n<title>\u00dcber den Verband | Verband der historischen St\u00e4dte Sloweniens<\/title>\n<meta name=\"description\" content=\"Erfahren Sie \u00fcber die Urspr\u00fcnge und Vision des Vereins historischer St\u00e4dte Sloweniens seit 2001: F\u00f6rderung und Bewahrung des Kulturerbes.\" \/>\n<meta name=\"robots\" content=\"index, follow, max-snippet:-1, max-image-preview:large, max-video-preview:-1\" \/>\n<link rel=\"canonical\" href=\"https:\/\/www.zgodovinska-mesta.si\/de\/ueber-den-verband\/\" \/>\n<meta property=\"og:locale\" content=\"de_DE\" \/>\n<meta property=\"og:type\" content=\"article\" \/>\n<meta property=\"og:title\" content=\"\u00dcber den Verband | Verband der historischen St\u00e4dte Sloweniens\" \/>\n<meta property=\"og:description\" content=\"Erfahren Sie \u00fcber die Urspr\u00fcnge und Vision des Vereins historischer St\u00e4dte Sloweniens seit 2001: F\u00f6rderung und Bewahrung des Kulturerbes.\" \/>\n<meta property=\"og:url\" content=\"https:\/\/www.zgodovinska-mesta.si\/de\/ueber-den-verband\/\" \/>\n<meta property=\"og:site_name\" content=\"Zdru\u017eenje zgodovinskih mest Slovenije\" \/>\n<meta property=\"article:modified_time\" content=\"2023-12-04T00:35:59+00:00\" \/>\n<meta property=\"og:image\" content=\"https:\/\/www.zgodovinska-mesta.si\/wp-content\/uploads\/2022\/05\/logo.png\" \/>\n<meta name=\"twitter:card\" content=\"summary_large_image\" \/>\n<meta name=\"twitter:label1\" content=\"Gesch\u00e4tzte Lesezeit\" \/>\n\t<meta name=\"twitter:data1\" content=\"1\u00a0Minute\" \/>\n<script type=\"application\/ld+json\" class=\"yoast-schema-graph\">{\"@context\":\"https:\/\/schema.org\",\"@graph\":[{\"@type\":\"WebPage\",\"@id\":\"https:\/\/www.zgodovinska-mesta.si\/de\/ueber-den-verband\/\",\"url\":\"https:\/\/www.zgodovinska-mesta.si\/de\/ueber-den-verband\/\",\"name\":\"\u00dcber den Verband | Verband der historischen St\u00e4dte Sloweniens\",\"isPartOf\":{\"@id\":\"https:\/\/www.zgodovinska-mesta.si\/de\/#website\"},\"primaryImageOfPage\":{\"@id\":\"https:\/\/www.zgodovinska-mesta.si\/de\/ueber-den-verband\/#primaryimage\"},\"image\":{\"@id\":\"https:\/\/www.zgodovinska-mesta.si\/de\/ueber-den-verband\/#primaryimage\"},\"thumbnailUrl\":\"https:\/\/www.zgodovinska-mesta.si\/wp-content\/uploads\/2022\/05\/logo.png\",\"datePublished\":\"2022-05-07T13:44:02+00:00\",\"dateModified\":\"2023-12-04T00:35:59+00:00\",\"description\":\"Erfahren Sie \u00fcber die Urspr\u00fcnge und Vision des Vereins historischer St\u00e4dte Sloweniens seit 2001: F\u00f6rderung und Bewahrung des Kulturerbes.\",\"breadcrumb\":{\"@id\":\"https:\/\/www.zgodovinska-mesta.si\/de\/ueber-den-verband\/#breadcrumb\"},\"inLanguage\":\"de\",\"potentialAction\":[{\"@type\":\"ReadAction\",\"target\":[\"https:\/\/www.zgodovinska-mesta.si\/de\/ueber-den-verband\/\"]}]},{\"@type\":\"ImageObject\",\"inLanguage\":\"de\",\"@id\":\"https:\/\/www.zgodovinska-mesta.si\/de\/ueber-den-verband\/#primaryimage\",\"url\":\"https:\/\/www.zgodovinska-mesta.si\/wp-content\/uploads\/2022\/05\/logo.png\",\"contentUrl\":\"https:\/\/www.zgodovinska-mesta.si\/wp-content\/uploads\/2022\/05\/logo.png\"},{\"@type\":\"BreadcrumbList\",\"@id\":\"https:\/\/www.zgodovinska-mesta.si\/de\/ueber-den-verband\/#breadcrumb\",\"itemListElement\":[{\"@type\":\"ListItem\",\"position\":1,\"name\":\"Heim\",\"item\":\"https:\/\/www.zgodovinska-mesta.si\/de\/\"},{\"@type\":\"ListItem\",\"position\":2,\"name\":\"\u00dcber den Verband\"}]},{\"@type\":\"WebSite\",\"@id\":\"https:\/\/www.zgodovinska-mesta.si\/de\/#website\",\"url\":\"https:\/\/www.zgodovinska-mesta.si\/de\/\",\"name\":\"Zdru\u017eenje zgodovinskih mest Slovenije\",\"description\":\"\",\"publisher\":{\"@id\":\"https:\/\/www.zgodovinska-mesta.si\/de\/#organization\"},\"potentialAction\":[{\"@type\":\"SearchAction\",\"target\":{\"@type\":\"EntryPoint\",\"urlTemplate\":\"https:\/\/www.zgodovinska-mesta.si\/de\/?s={search_term_string}\"},\"query-input\":{\"@type\":\"PropertyValueSpecification\",\"valueRequired\":true,\"valueName\":\"search_term_string\"}}],\"inLanguage\":\"de\"},{\"@type\":\"Organization\",\"@id\":\"https:\/\/www.zgodovinska-mesta.si\/de\/#organization\",\"name\":\"Zdru\u017eenje zgodovinskih mest Slovenije\",\"url\":\"https:\/\/www.zgodovinska-mesta.si\/de\/\",\"logo\":{\"@type\":\"ImageObject\",\"inLanguage\":\"de\",\"@id\":\"https:\/\/www.zgodovinska-mesta.si\/de\/#\/schema\/logo\/image\/\",\"url\":\"https:\/\/www.zgodovinska-mesta.si\/wp-content\/uploads\/2024\/10\/logo_de.png\",\"contentUrl\":\"https:\/\/www.zgodovinska-mesta.si\/wp-content\/uploads\/2024\/10\/logo_de.png\",\"width\":200,\"height\":200,\"caption\":\"Zdru\u017eenje zgodovinskih mest Slovenije\"},\"image\":{\"@id\":\"https:\/\/www.zgodovinska-mesta.si\/de\/#\/schema\/logo\/image\/\"}}]}<\/script>\n<!-- \/ Yoast SEO plugin. -->","yoast_head_json":{"title":"\u00dcber den Verband | Verband der historischen St\u00e4dte Sloweniens","description":"Erfahren Sie \u00fcber die Urspr\u00fcnge und Vision des Vereins historischer St\u00e4dte Sloweniens seit 2001: F\u00f6rderung und Bewahrung des Kulturerbes.","robots":{"index":"index","follow":"follow","max-snippet":"max-snippet:-1","max-image-preview":"max-image-preview:large","max-video-preview":"max-video-preview:-1"},"canonical":"https:\/\/www.zgodovinska-mesta.si\/de\/ueber-den-verband\/","og_locale":"de_DE","og_type":"article","og_title":"\u00dcber den Verband | Verband der historischen St\u00e4dte Sloweniens","og_description":"Erfahren Sie \u00fcber die Urspr\u00fcnge und Vision des Vereins historischer St\u00e4dte Sloweniens seit 2001: F\u00f6rderung und Bewahrung des Kulturerbes.","og_url":"https:\/\/www.zgodovinska-mesta.si\/de\/ueber-den-verband\/","og_site_name":"Zdru\u017eenje zgodovinskih mest Slovenije","article_modified_time":"2023-12-04T00:35:59+00:00","og_image":[{"url":"https:\/\/www.zgodovinska-mesta.si\/wp-content\/uploads\/2022\/05\/logo.png","type":"","width":"","height":""}],"twitter_card":"summary_large_image","twitter_misc":{"Gesch\u00e4tzte Lesezeit":"1\u00a0Minute"},"schema":{"@context":"https:\/\/schema.org","@graph":[{"@type":"WebPage","@id":"https:\/\/www.zgodovinska-mesta.si\/de\/ueber-den-verband\/","url":"https:\/\/www.zgodovinska-mesta.si\/de\/ueber-den-verband\/","name":"\u00dcber den Verband | Verband der historischen St\u00e4dte Sloweniens","isPartOf":{"@id":"https:\/\/www.zgodovinska-mesta.si\/de\/#website"},"primaryImageOfPage":{"@id":"https:\/\/www.zgodovinska-mesta.si\/de\/ueber-den-verband\/#primaryimage"},"image":{"@id":"https:\/\/www.zgodovinska-mesta.si\/de\/ueber-den-verband\/#primaryimage"},"thumbnailUrl":"https:\/\/www.zgodovinska-mesta.si\/wp-content\/uploads\/2022\/05\/logo.png","datePublished":"2022-05-07T13:44:02+00:00","dateModified":"2023-12-04T00:35:59+00:00","description":"Erfahren Sie \u00fcber die Urspr\u00fcnge und Vision des Vereins historischer St\u00e4dte Sloweniens seit 2001: F\u00f6rderung und Bewahrung des Kulturerbes.","breadcrumb":{"@id":"https:\/\/www.zgodovinska-mesta.si\/de\/ueber-den-verband\/#breadcrumb"},"inLanguage":"de","potentialAction":[{"@type":"ReadAction","target":["https:\/\/www.zgodovinska-mesta.si\/de\/ueber-den-verband\/"]}]},{"@type":"ImageObject","inLanguage":"de","@id":"https:\/\/www.zgodovinska-mesta.si\/de\/ueber-den-verband\/#primaryimage","url":"https:\/\/www.zgodovinska-mesta.si\/wp-content\/uploads\/2022\/05\/logo.png","contentUrl":"https:\/\/www.zgodovinska-mesta.si\/wp-content\/uploads\/2022\/05\/logo.png"},{"@type":"BreadcrumbList","@id":"https:\/\/www.zgodovinska-mesta.si\/de\/ueber-den-verband\/#breadcrumb","itemListElement":[{"@type":"ListItem","position":1,"name":"Heim","item":"https:\/\/www.zgodovinska-mesta.si\/de\/"},{"@type":"ListItem","position":2,"name":"\u00dcber den Verband"}]},{"@type":"WebSite","@id":"https:\/\/www.zgodovinska-mesta.si\/de\/#website","url":"https:\/\/www.zgodovinska-mesta.si\/de\/","name":"Zdru\u017eenje zgodovinskih mest Slovenije","description":"","publisher":{"@id":"https:\/\/www.zgodovinska-mesta.si\/de\/#organization"},"potentialAction":[{"@type":"SearchAction","target":{"@type":"EntryPoint","urlTemplate":"https:\/\/www.zgodovinska-mesta.si\/de\/?s={search_term_string}"},"query-input":{"@type":"PropertyValueSpecification","valueRequired":true,"valueName":"search_term_string"}}],"inLanguage":"de"},{"@type":"Organization","@id":"https:\/\/www.zgodovinska-mesta.si\/de\/#organization","name":"Zdru\u017eenje zgodovinskih mest Slovenije","url":"https:\/\/www.zgodovinska-mesta.si\/de\/","logo":{"@type":"ImageObject","inLanguage":"de","@id":"https:\/\/www.zgodovinska-mesta.si\/de\/#\/schema\/logo\/image\/","url":"https:\/\/www.zgodovinska-mesta.si\/wp-content\/uploads\/2024\/10\/logo_de.png","contentUrl":"https:\/\/www.zgodovinska-mesta.si\/wp-content\/uploads\/2024\/10\/logo_de.png","width":200,"height":200,"caption":"Zdru\u017eenje zgodovinskih mest Slovenije"},"image":{"@id":"https:\/\/www.zgodovinska-mesta.si\/de\/#\/schema\/logo\/image\/"}}]}},"_links":{"self":[{"href":"https:\/\/www.zgodovinska-mesta.si\/de\/wp-json\/wp\/v2\/pages\/7403","targetHints":{"allow":["GET"]}}],"collection":[{"href":"https:\/\/www.zgodovinska-mesta.si\/de\/wp-json\/wp\/v2\/pages"}],"about":[{"href":"https:\/\/www.zgodovinska-mesta.si\/de\/wp-json\/wp\/v2\/types\/page"}],"author":[{"embeddable":true,"href":"https:\/\/www.zgodovinska-mesta.si\/de\/wp-json\/wp\/v2\/users\/10"}],"replies":[{"embeddable":true,"href":"https:\/\/www.zgodovinska-mesta.si\/de\/wp-json\/wp\/v2\/comments?post=7403"}],"version-history":[{"count":4,"href":"https:\/\/www.zgodovinska-mesta.si\/de\/wp-json\/wp\/v2\/pages\/7403\/revisions"}],"predecessor-version":[{"id":12620,"href":"https:\/\/www.zgodovinska-mesta.si\/de\/wp-json\/wp\/v2\/pages\/7403\/revisions\/12620"}],"wp:attachment":[{"href":"https:\/\/www.zgodovinska-mesta.si\/de\/wp-json\/wp\/v2\/media?parent=7403"}],"curies":[{"name":"wp","href":"https:\/\/api.w.org\/{rel}","templated":true}]}}