{"id":18177,"date":"2022-03-24T09:59:14","date_gmt":"2022-03-24T09:59:14","guid":{"rendered":"https:\/\/www.zgodovinska-mesta.si\/mesta\/radovljica\/"},"modified":"2025-03-17T20:37:53","modified_gmt":"2025-03-17T20:37:53","slug":"radovljica","status":"publish","type":"mesta","link":"https:\/\/www.zgodovinska-mesta.si\/it\/citta\/radovljica\/","title":{"rendered":"Radovljica"},"featured_media":19329,"menu_order":0,"template":"","class_list":["post-18177","mesta","type-mesta","status-publish","has-post-thumbnail","hentry"],"acf":[],"yoast_head":"<!-- This site is optimized with the Yoast SEO plugin v27.0 - https:\/\/yoast.com\/product\/yoast-seo-wordpress\/ -->\n<title>Citt\u00e0 Slovene membri dell&#039;Associazione delle citt\u00e0 storiche<\/title>\n<meta name=\"description\" content=\"Scoprite le particolarit\u00e0, la storia e il patrimonio culturale delle citt\u00e0 Slovene che fanno parte dell&#039;Associazione delle citt\u00e0 storiche della Slovenia.\" \/>\n<meta name=\"robots\" content=\"index, follow, max-snippet:-1, max-image-preview:large, max-video-preview:-1\" \/>\n<link rel=\"canonical\" href=\"https:\/\/www.zgodovinska-mesta.si\/it\/citta\/radovljica\/\" \/>\n<meta property=\"og:locale\" content=\"it_IT\" \/>\n<meta property=\"og:type\" content=\"article\" \/>\n<meta property=\"og:title\" content=\"Citt\u00e0 Slovene membri dell&#039;Associazione delle citt\u00e0 storiche\" \/>\n<meta property=\"og:description\" content=\"Scoprite le particolarit\u00e0, la storia e il patrimonio culturale delle citt\u00e0 Slovene che fanno parte dell&#039;Associazione delle citt\u00e0 storiche della Slovenia.\" \/>\n<meta property=\"og:url\" content=\"https:\/\/www.zgodovinska-mesta.si\/it\/citta\/radovljica\/\" \/>\n<meta property=\"og:site_name\" content=\"Zdru\u017eenje zgodovinskih mest Slovenije\" \/>\n<meta property=\"article:modified_time\" content=\"2025-03-17T20:37:53+00:00\" \/>\n<meta property=\"og:image\" content=\"https:\/\/www.zgodovinska-mesta.si\/wp-content\/uploads\/2022\/03\/radovljica.jpg\" \/>\n\t<meta property=\"og:image:width\" content=\"1303\" \/>\n\t<meta property=\"og:image:height\" content=\"739\" \/>\n\t<meta property=\"og:image:type\" content=\"image\/jpeg\" \/>\n<meta name=\"twitter:card\" content=\"summary_large_image\" \/>\n<meta name=\"twitter:label1\" content=\"Tempo di lettura stimato\" \/>\n\t<meta name=\"twitter:data1\" content=\"1 minuto\" \/>\n<script type=\"application\/ld+json\" class=\"yoast-schema-graph\">{\"@context\":\"https:\/\/schema.org\",\"@graph\":[{\"@type\":\"WebPage\",\"@id\":\"https:\/\/www.zgodovinska-mesta.si\/it\/citta\/radovljica\/\",\"url\":\"https:\/\/www.zgodovinska-mesta.si\/it\/citta\/radovljica\/\",\"name\":\"Citt\u00e0 Slovene membri dell'Associazione delle citt\u00e0 storiche\",\"isPartOf\":{\"@id\":\"https:\/\/www.zgodovinska-mesta.si\/it\/#website\"},\"primaryImageOfPage\":{\"@id\":\"https:\/\/www.zgodovinska-mesta.si\/it\/citta\/radovljica\/#primaryimage\"},\"image\":{\"@id\":\"https:\/\/www.zgodovinska-mesta.si\/it\/citta\/radovljica\/#primaryimage\"},\"thumbnailUrl\":\"https:\/\/www.zgodovinska-mesta.si\/wp-content\/uploads\/2022\/03\/radovljica.jpg\",\"datePublished\":\"2022-03-24T09:59:14+00:00\",\"dateModified\":\"2025-03-17T20:37:53+00:00\",\"description\":\"Scoprite le particolarit\u00e0, la storia e il patrimonio culturale delle citt\u00e0 Slovene che fanno parte dell'Associazione delle citt\u00e0 storiche della Slovenia.\",\"breadcrumb\":{\"@id\":\"https:\/\/www.zgodovinska-mesta.si\/it\/citta\/radovljica\/#breadcrumb\"},\"inLanguage\":\"it-IT\",\"potentialAction\":[{\"@type\":\"ReadAction\",\"target\":[\"https:\/\/www.zgodovinska-mesta.si\/it\/citta\/radovljica\/\"]}]},{\"@type\":\"ImageObject\",\"inLanguage\":\"it-IT\",\"@id\":\"https:\/\/www.zgodovinska-mesta.si\/it\/citta\/radovljica\/#primaryimage\",\"url\":\"https:\/\/www.zgodovinska-mesta.si\/wp-content\/uploads\/2022\/03\/radovljica.jpg\",\"contentUrl\":\"https:\/\/www.zgodovinska-mesta.si\/wp-content\/uploads\/2022\/03\/radovljica.jpg\",\"width\":1303,\"height\":739},{\"@type\":\"BreadcrumbList\",\"@id\":\"https:\/\/www.zgodovinska-mesta.si\/it\/citta\/radovljica\/#breadcrumb\",\"itemListElement\":[{\"@type\":\"ListItem\",\"position\":1,\"name\":\"Home\",\"item\":\"https:\/\/www.zgodovinska-mesta.si\/it\/\"},{\"@type\":\"ListItem\",\"position\":2,\"name\":\"Le citt\u00e0\",\"item\":\"https:\/\/www.zgodovinska-mesta.si\/it\/citta\/\"},{\"@type\":\"ListItem\",\"position\":3,\"name\":\"Radovljica\"}]},{\"@type\":\"WebSite\",\"@id\":\"https:\/\/www.zgodovinska-mesta.si\/it\/#website\",\"url\":\"https:\/\/www.zgodovinska-mesta.si\/it\/\",\"name\":\"Zdru\u017eenje zgodovinskih mest Slovenije\",\"description\":\"\",\"publisher\":{\"@id\":\"https:\/\/www.zgodovinska-mesta.si\/it\/#organization\"},\"potentialAction\":[{\"@type\":\"SearchAction\",\"target\":{\"@type\":\"EntryPoint\",\"urlTemplate\":\"https:\/\/www.zgodovinska-mesta.si\/it\/?s={search_term_string}\"},\"query-input\":{\"@type\":\"PropertyValueSpecification\",\"valueRequired\":true,\"valueName\":\"search_term_string\"}}],\"inLanguage\":\"it-IT\"},{\"@type\":\"Organization\",\"@id\":\"https:\/\/www.zgodovinska-mesta.si\/it\/#organization\",\"name\":\"Zdru\u017eenje zgodovinskih mest Slovenije\",\"url\":\"https:\/\/www.zgodovinska-mesta.si\/it\/\",\"logo\":{\"@type\":\"ImageObject\",\"inLanguage\":\"it-IT\",\"@id\":\"https:\/\/www.zgodovinska-mesta.si\/it\/#\/schema\/logo\/image\/\",\"url\":\"https:\/\/www.zgodovinska-mesta.si\/wp-content\/uploads\/2024\/10\/logo_it2.png\",\"contentUrl\":\"https:\/\/www.zgodovinska-mesta.si\/wp-content\/uploads\/2024\/10\/logo_it2.png\",\"width\":200,\"height\":200,\"caption\":\"Zdru\u017eenje zgodovinskih mest Slovenije\"},\"image\":{\"@id\":\"https:\/\/www.zgodovinska-mesta.si\/it\/#\/schema\/logo\/image\/\"}}]}<\/script>\n<!-- \/ Yoast SEO plugin. -->","yoast_head_json":{"title":"Citt\u00e0 Slovene membri dell'Associazione delle citt\u00e0 storiche","description":"Scoprite le particolarit\u00e0, la storia e il patrimonio culturale delle citt\u00e0 Slovene che fanno parte dell'Associazione delle citt\u00e0 storiche della Slovenia.","robots":{"index":"index","follow":"follow","max-snippet":"max-snippet:-1","max-image-preview":"max-image-preview:large","max-video-preview":"max-video-preview:-1"},"canonical":"https:\/\/www.zgodovinska-mesta.si\/it\/citta\/radovljica\/","og_locale":"it_IT","og_type":"article","og_title":"Citt\u00e0 Slovene membri dell'Associazione delle citt\u00e0 storiche","og_description":"Scoprite le particolarit\u00e0, la storia e il patrimonio culturale delle citt\u00e0 Slovene che fanno parte dell'Associazione delle citt\u00e0 storiche della Slovenia.","og_url":"https:\/\/www.zgodovinska-mesta.si\/it\/citta\/radovljica\/","og_site_name":"Zdru\u017eenje zgodovinskih mest Slovenije","article_modified_time":"2025-03-17T20:37:53+00:00","og_image":[{"width":1303,"height":739,"url":"https:\/\/www.zgodovinska-mesta.si\/wp-content\/uploads\/2022\/03\/radovljica.jpg","type":"image\/jpeg"}],"twitter_card":"summary_large_image","twitter_misc":{"Tempo di lettura stimato":"1 minuto"},"schema":{"@context":"https:\/\/schema.org","@graph":[{"@type":"WebPage","@id":"https:\/\/www.zgodovinska-mesta.si\/it\/citta\/radovljica\/","url":"https:\/\/www.zgodovinska-mesta.si\/it\/citta\/radovljica\/","name":"Citt\u00e0 Slovene membri dell'Associazione delle citt\u00e0 storiche","isPartOf":{"@id":"https:\/\/www.zgodovinska-mesta.si\/it\/#website"},"primaryImageOfPage":{"@id":"https:\/\/www.zgodovinska-mesta.si\/it\/citta\/radovljica\/#primaryimage"},"image":{"@id":"https:\/\/www.zgodovinska-mesta.si\/it\/citta\/radovljica\/#primaryimage"},"thumbnailUrl":"https:\/\/www.zgodovinska-mesta.si\/wp-content\/uploads\/2022\/03\/radovljica.jpg","datePublished":"2022-03-24T09:59:14+00:00","dateModified":"2025-03-17T20:37:53+00:00","description":"Scoprite le particolarit\u00e0, la storia e il patrimonio culturale delle citt\u00e0 Slovene che fanno parte dell'Associazione delle citt\u00e0 storiche della Slovenia.","breadcrumb":{"@id":"https:\/\/www.zgodovinska-mesta.si\/it\/citta\/radovljica\/#breadcrumb"},"inLanguage":"it-IT","potentialAction":[{"@type":"ReadAction","target":["https:\/\/www.zgodovinska-mesta.si\/it\/citta\/radovljica\/"]}]},{"@type":"ImageObject","inLanguage":"it-IT","@id":"https:\/\/www.zgodovinska-mesta.si\/it\/citta\/radovljica\/#primaryimage","url":"https:\/\/www.zgodovinska-mesta.si\/wp-content\/uploads\/2022\/03\/radovljica.jpg","contentUrl":"https:\/\/www.zgodovinska-mesta.si\/wp-content\/uploads\/2022\/03\/radovljica.jpg","width":1303,"height":739},{"@type":"BreadcrumbList","@id":"https:\/\/www.zgodovinska-mesta.si\/it\/citta\/radovljica\/#breadcrumb","itemListElement":[{"@type":"ListItem","position":1,"name":"Home","item":"https:\/\/www.zgodovinska-mesta.si\/it\/"},{"@type":"ListItem","position":2,"name":"Le citt\u00e0","item":"https:\/\/www.zgodovinska-mesta.si\/it\/citta\/"},{"@type":"ListItem","position":3,"name":"Radovljica"}]},{"@type":"WebSite","@id":"https:\/\/www.zgodovinska-mesta.si\/it\/#website","url":"https:\/\/www.zgodovinska-mesta.si\/it\/","name":"Zdru\u017eenje zgodovinskih mest Slovenije","description":"","publisher":{"@id":"https:\/\/www.zgodovinska-mesta.si\/it\/#organization"},"potentialAction":[{"@type":"SearchAction","target":{"@type":"EntryPoint","urlTemplate":"https:\/\/www.zgodovinska-mesta.si\/it\/?s={search_term_string}"},"query-input":{"@type":"PropertyValueSpecification","valueRequired":true,"valueName":"search_term_string"}}],"inLanguage":"it-IT"},{"@type":"Organization","@id":"https:\/\/www.zgodovinska-mesta.si\/it\/#organization","name":"Zdru\u017eenje zgodovinskih mest Slovenije","url":"https:\/\/www.zgodovinska-mesta.si\/it\/","logo":{"@type":"ImageObject","inLanguage":"it-IT","@id":"https:\/\/www.zgodovinska-mesta.si\/it\/#\/schema\/logo\/image\/","url":"https:\/\/www.zgodovinska-mesta.si\/wp-content\/uploads\/2024\/10\/logo_it2.png","contentUrl":"https:\/\/www.zgodovinska-mesta.si\/wp-content\/uploads\/2024\/10\/logo_it2.png","width":200,"height":200,"caption":"Zdru\u017eenje zgodovinskih mest Slovenije"},"image":{"@id":"https:\/\/www.zgodovinska-mesta.si\/it\/#\/schema\/logo\/image\/"}}]}},"_links":{"self":[{"href":"https:\/\/www.zgodovinska-mesta.si\/it\/wp-json\/wp\/v2\/mesta\/18177","targetHints":{"allow":["GET"]}}],"collection":[{"href":"https:\/\/www.zgodovinska-mesta.si\/it\/wp-json\/wp\/v2\/mesta"}],"about":[{"href":"https:\/\/www.zgodovinska-mesta.si\/it\/wp-json\/wp\/v2\/types\/mesta"}],"version-history":[{"count":3,"href":"https:\/\/www.zgodovinska-mesta.si\/it\/wp-json\/wp\/v2\/mesta\/18177\/revisions"}],"predecessor-version":[{"id":22355,"href":"https:\/\/www.zgodovinska-mesta.si\/it\/wp-json\/wp\/v2\/mesta\/18177\/revisions\/22355"}],"wp:featuredmedia":[{"embeddable":true,"href":"https:\/\/www.zgodovinska-mesta.si\/it\/wp-json\/wp\/v2\/media\/19329"}],"wp:attachment":[{"href":"https:\/\/www.zgodovinska-mesta.si\/it\/wp-json\/wp\/v2\/media?parent=18177"}],"curies":[{"name":"wp","href":"https:\/\/api.w.org\/{rel}","templated":true}]}}